{"id":17,"date":"2023-06-12T16:58:29","date_gmt":"2023-06-12T19:58:29","guid":{"rendered":"https:\/\/otimizacaotop20.com.br\/pastorinho\/?page_id=17"},"modified":"2023-06-16T11:10:46","modified_gmt":"2023-06-16T14:10:46","slug":"nossas-lojas","status":"publish","type":"page","link":"https:\/\/pastorinho.com.br\/lojabandeirantes\/nossas-lojas\/","title":{"rendered":"Lojas Pastorinho"},"content":{"rendered":"\t\t<div data-elementor-type=\"wp-page\" data-elementor-id=\"17\" class=\"elementor elementor-17\" data-elementor-post-type=\"page\">\n\t\t\t\t<div class=\"elementor-element elementor-element-74fe9b0a e-flex e-con-boxed e-con e-parent\" data-id=\"74fe9b0a\" data-element_type=\"container\" data-e-type=\"container\">\n\t\t\t\t\t<div class=\"e-con-inner\">\n\t\t\t\t<div class=\"elementor-element elementor-element-4598c552 animated-slow elementor-invisible elementor-widget elementor-widget-heading\" data-id=\"4598c552\" data-element_type=\"widget\" data-e-type=\"widget\" data-settings=\"{&quot;_animation&quot;:&quot;fadeIn&quot;}\" data-widget_type=\"heading.default\">\n\t\t\t\t\t<h2 class=\"elementor-heading-title elementor-size-default\">Nossas Lojas<\/h2>\t\t\t\t<\/div>\n\t\t\t\t<div class=\"elementor-element elementor-element-2038dfc2 animated-slow elementor-invisible elementor-widget elementor-widget-heading\" data-id=\"2038dfc2\" data-element_type=\"widget\" data-e-type=\"widget\" data-settings=\"{&quot;_animation&quot;:&quot;fadeIn&quot;}\" data-widget_type=\"heading.default\">\n\t\t\t\t\t<h2 class=\"elementor-heading-title elementor-size-default\">Nossas lojas est\u00e3o sempre prontas para te receber, veja aqui a loja mais perto de voc\u00ea!<\/h2>\t\t\t\t<\/div>\n\t\t\t\t<div class=\"elementor-element elementor-element-2756dd1f upk-primary-meta-end-position--yes elementor-widget elementor-widget-upk-alter-grid\" data-id=\"2756dd1f\" data-element_type=\"widget\" data-e-type=\"widget\" data-settings=\"{&quot;upk_in_animation_show&quot;:&quot;yes&quot;}\" data-widget_type=\"upk-alter-grid.default\">\n\t\t\t\t\t\n\t\t<div class=\"upk-alter-grid upk-ajax-grid\" data-loadmore=\"[]\">\n\t\t\t<div class=\"upk-post-grid upk-ajax-grid-wrap upk-style-1 upk-in-animation\" data-in-animation-delay=\"\">\n\n\t\t\t\t\n\t\t\t\t\t\t\t<div class=\"upk-item\">\n\t\t\t<div class=\"upk-item-box\">\n\t\t\t\t<div class=\"upk-img-wrap\">\n\t\t\t\t\t<div class=\"upk-main-img\">\n\t\t\t\t\t\t<img fetchpriority=\"high\" decoding=\"async\" width=\"680\" height=\"510\" src=\"https:\/\/pastorinho.com.br\/lojabandeirantes\/wp-content\/uploads\/2023\/06\/loja-pastorinho-presidente-prudente\u2013centro.jpg\" class=\"upk-img\" alt=\"Pastorinho Presidente Prudente \u2013 Centro\" srcset=\"https:\/\/pastorinho.com.br\/lojabandeirantes\/wp-content\/uploads\/2023\/06\/loja-pastorinho-presidente-prudente\u2013centro.jpg 680w, https:\/\/pastorinho.com.br\/lojabandeirantes\/wp-content\/uploads\/2023\/06\/loja-pastorinho-presidente-prudente\u2013centro-300x225.jpg 300w, https:\/\/pastorinho.com.br\/lojabandeirantes\/wp-content\/uploads\/2023\/06\/loja-pastorinho-presidente-prudente\u2013centro-600x450.jpg 600w\" sizes=\"(max-width: 680px) 100vw, 680px\" \/>\t\t\t\t\t\t\t\t\t\t\t\t\t\t\t\t\t<\/div>\n\t\t\t\t<\/div>\n\n\t\t\t\t<div class=\"upk-content\">\n\t\t\t\t\t<div>\n\n\t\t\t\t\t\t\t\t<div class=\"upk-category\">\n\t\t\t<a href=\"https:\/\/pastorinho.com.br\/lojabandeirantes\/category\/loja-pastorinho-presidente-prudente-centro\/\" \n\t\t\t\t\t\t\taria-label=\"Category Loja Pastorinho Presidente Prudente \u2013 Centro\">Loja Pastorinho Presidente Prudente \u2013 Centro<\/a>\t\t<\/div>\n\t\n\t\t\t\t\t\t<h3 class=\"upk-title\"><a href=\"https:\/\/pastorinho.com.br\/lojabandeirantes\/pastorinho-presidente-prudente-centro\/\" title=\"Pastorinho Presidente Prudente \u2013 Centro\" class=\"title-animation-underline\" aria-label=\"Pastorinho Presidente Prudente \u2013 Centro\">Pastorinho Presidente Prudente \u2013 Centro<\/a><\/h3>\t\t\t\t\t\t<div class=\"upk-text-wrap\">\n\t\t\t\t\t\t\t\t\t<div class=\"upk-text\">\n\t\t\t<p>Rua Major Felicio Tarabay, 615 \u2013 Centro \u2013 Presidente Prudente \u2013 SP Telefone: 18-3226-0100 E-mail:\u00a0pcentro@pastorinho.com.br Hor\u00e1rio: Segunda a S\u00e1bado 07:00<\/p>\n\t\t<\/div>\n\t\t\t\t\t\t\t\t\t\t\t\t\t\t\t<\/div>\n\n\t\t\t\t\t\t\n\t\t\t\t\t<\/div>\n\t\t\t\t<\/div>\n\n\t\t\t<\/div>\n\t\t<\/div>\n\t\n\t\t\t\t\n\t\t\t\t\t\t\t<div class=\"upk-item\">\n\t\t\t<div class=\"upk-item-box\">\n\t\t\t\t<div class=\"upk-img-wrap\">\n\t\t\t\t\t<div class=\"upk-main-img\">\n\t\t\t\t\t\t<img decoding=\"async\" width=\"680\" height=\"510\" src=\"https:\/\/pastorinho.com.br\/lojabandeirantes\/wp-content\/uploads\/2023\/06\/loja-pastorinho-sao-jose-do-rio-preto.jpg\" class=\"upk-img\" alt=\"Pastorinho S\u00e3o Jos\u00e9 do Rio Preto\" srcset=\"https:\/\/pastorinho.com.br\/lojabandeirantes\/wp-content\/uploads\/2023\/06\/loja-pastorinho-sao-jose-do-rio-preto.jpg 680w, https:\/\/pastorinho.com.br\/lojabandeirantes\/wp-content\/uploads\/2023\/06\/loja-pastorinho-sao-jose-do-rio-preto-300x225.jpg 300w, https:\/\/pastorinho.com.br\/lojabandeirantes\/wp-content\/uploads\/2023\/06\/loja-pastorinho-sao-jose-do-rio-preto-600x450.jpg 600w\" sizes=\"(max-width: 680px) 100vw, 680px\" \/>\t\t\t\t\t\t\t\t\t\t\t\t\t\t\t\t\t<\/div>\n\t\t\t\t<\/div>\n\n\t\t\t\t<div class=\"upk-content\">\n\t\t\t\t\t<div>\n\n\t\t\t\t\t\t\t\t<div class=\"upk-category\">\n\t\t\t<a href=\"https:\/\/pastorinho.com.br\/lojabandeirantes\/category\/loja-pastorinho-sao-jose-do-rio-preto\/\" \n\t\t\t\t\t\t\taria-label=\"Category Loja Pastorinho S\u00e3o Jos\u00e9 do Rio Preto\">Loja Pastorinho S\u00e3o Jos\u00e9 do Rio Preto<\/a>\t\t<\/div>\n\t\n\t\t\t\t\t\t<h3 class=\"upk-title\"><a href=\"https:\/\/pastorinho.com.br\/lojabandeirantes\/pastorinho-sao-jose-rio-preto\/\" title=\"Pastorinho S\u00e3o Jos\u00e9 do Rio Preto\" class=\"title-animation-underline\" aria-label=\"Pastorinho S\u00e3o Jos\u00e9 do Rio Preto\">Pastorinho S\u00e3o Jos\u00e9 do Rio Preto<\/a><\/h3>\t\t\t\t\t\t<div class=\"upk-text-wrap\">\n\t\t\t\t\t\t\t\t\t<div class=\"upk-text\">\n\t\t\t<p>Avenida Baddy Bassiti, 2644 \u2013 Boa Vista \u2013 S\u00e3o Jos\u00e9 do Rio Preto \u2013 SP&nbsp; Telefone: 17-3233-2700-E-mail:&nbsp;rpreto@pastorinho.com.br Hor\u00e1rio: Segunda a<\/p>\n\t\t<\/div>\n\t\t\t\t\t\t\t\t\t\t\t\t\t\t\t<\/div>\n\n\t\t\t\t\t\t\n\t\t\t\t\t<\/div>\n\t\t\t\t<\/div>\n\n\t\t\t<\/div>\n\t\t<\/div>\n\t\n\t\t\t\t\n\t\t\t\t\t\t\t<div class=\"upk-item\">\n\t\t\t<div class=\"upk-item-box\">\n\t\t\t\t<div class=\"upk-img-wrap\">\n\t\t\t\t\t<div class=\"upk-main-img\">\n\t\t\t\t\t\t<img decoding=\"async\" width=\"680\" height=\"510\" src=\"https:\/\/pastorinho.com.br\/lojabandeirantes\/wp-content\/uploads\/2023\/06\/loja-pastorinho-bandeirantes-1.jpg\" class=\"upk-img\" alt=\"Pastorinho Bandeirantes\" srcset=\"https:\/\/pastorinho.com.br\/lojabandeirantes\/wp-content\/uploads\/2023\/06\/loja-pastorinho-bandeirantes-1.jpg 680w, https:\/\/pastorinho.com.br\/lojabandeirantes\/wp-content\/uploads\/2023\/06\/loja-pastorinho-bandeirantes-1-300x225.jpg 300w, https:\/\/pastorinho.com.br\/lojabandeirantes\/wp-content\/uploads\/2023\/06\/loja-pastorinho-bandeirantes-1-600x450.jpg 600w\" sizes=\"(max-width: 680px) 100vw, 680px\" \/>\t\t\t\t\t\t\t\t\t\t\t\t\t\t\t\t\t<\/div>\n\t\t\t\t<\/div>\n\n\t\t\t\t<div class=\"upk-content\">\n\t\t\t\t\t<div>\n\n\t\t\t\t\t\t\t\t<div class=\"upk-category\">\n\t\t\t<a href=\"https:\/\/pastorinho.com.br\/lojabandeirantes\/category\/loja-pastorinho-bandeirantes\/\" \n\t\t\t\t\t\t\taria-label=\"Category Loja Pastorinho Bandeirantes\">Loja Pastorinho Bandeirantes<\/a>\t\t<\/div>\n\t\n\t\t\t\t\t\t<h3 class=\"upk-title\"><a href=\"https:\/\/pastorinho.com.br\/lojabandeirantes\/pastorinho-bandeirantes\/\" title=\"Pastorinho Bandeirantes\" class=\"title-animation-underline\" aria-label=\"Pastorinho Bandeirantes\">Pastorinho Bandeirantes<\/a><\/h3>\t\t\t\t\t\t<div class=\"upk-text-wrap\">\n\t\t\t\t\t\t\t\t\t<div class=\"upk-text\">\n\t\t\t<p>Avenida Raimundo Pereira de Magalh\u00e3es, 1652 \u2013 Jardim Iris \u2013 S\u00e3o Paulo \u2013 SP Telefone: 11-3643-0600 E-mail:\u00a0bandeirantes@pastorinho.com.br Hor\u00e1rio: Segunda a<\/p>\n\t\t<\/div>\n\t\t\t\t\t\t\t\t\t\t\t\t\t\t\t<\/div>\n\n\t\t\t\t\t\t\n\t\t\t\t\t<\/div>\n\t\t\t\t<\/div>\n\n\t\t\t<\/div>\n\t\t<\/div>\n\t\n\t\t\t\t\n\t\t\t\t\t\t\t<div class=\"upk-item\">\n\t\t\t<div class=\"upk-item-box\">\n\t\t\t\t<div class=\"upk-img-wrap\">\n\t\t\t\t\t<div class=\"upk-main-img\">\n\t\t\t\t\t\t<img loading=\"lazy\" decoding=\"async\" width=\"680\" height=\"510\" src=\"https:\/\/pastorinho.com.br\/lojabandeirantes\/wp-content\/uploads\/2023\/06\/loja-pastorinho-perdizes-1.jpg\" class=\"upk-img\" alt=\"Pastorinho Perdizes\" srcset=\"https:\/\/pastorinho.com.br\/lojabandeirantes\/wp-content\/uploads\/2023\/06\/loja-pastorinho-perdizes-1.jpg 680w, https:\/\/pastorinho.com.br\/lojabandeirantes\/wp-content\/uploads\/2023\/06\/loja-pastorinho-perdizes-1-300x225.jpg 300w, https:\/\/pastorinho.com.br\/lojabandeirantes\/wp-content\/uploads\/2023\/06\/loja-pastorinho-perdizes-1-600x450.jpg 600w\" sizes=\"(max-width: 680px) 100vw, 680px\" \/>\t\t\t\t\t\t\t\t\t\t\t\t\t\t\t\t\t<\/div>\n\t\t\t\t<\/div>\n\n\t\t\t\t<div class=\"upk-content\">\n\t\t\t\t\t<div>\n\n\t\t\t\t\t\t\t\t<div class=\"upk-category\">\n\t\t\t<a href=\"https:\/\/pastorinho.com.br\/lojabandeirantes\/category\/loja-pastorinho-perdizes\/\" \n\t\t\t\t\t\t\taria-label=\"Category Loja Pastorinho Perdizes\">Loja Pastorinho Perdizes<\/a>\t\t<\/div>\n\t\n\t\t\t\t\t\t<h3 class=\"upk-title\"><a href=\"https:\/\/pastorinho.com.br\/lojabandeirantes\/pastorinho-perdizes\/\" title=\"Pastorinho Perdizes\" class=\"title-animation-underline\" aria-label=\"Pastorinho Perdizes\">Pastorinho Perdizes<\/a><\/h3>\t\t\t\t\t\t<div class=\"upk-text-wrap\">\n\t\t\t\t\t\t\t\t\t<div class=\"upk-text\">\n\t\t\t<p>Rua Jo\u00e3o Ramalho, 586 loja \u2013 Perdizes \u2013 S\u00e3o Paulo \u2013 SP Telefone: 11-3672-7370 e-mail:&nbsp;perdizes@pastorinho.com.br Hor\u00e1rio: Segunda a S\u00e1bado 07:00<\/p>\n\t\t<\/div>\n\t\t\t\t\t\t\t\t\t\t\t\t\t\t\t<\/div>\n\n\t\t\t\t\t\t\n\t\t\t\t\t<\/div>\n\t\t\t\t<\/div>\n\n\t\t\t<\/div>\n\t\t<\/div>\n\t\n\t\t\t\t\n\t\t\t\t\t\t\t<div class=\"upk-item\">\n\t\t\t<div class=\"upk-item-box\">\n\t\t\t\t<div class=\"upk-img-wrap\">\n\t\t\t\t\t<div class=\"upk-main-img\">\n\t\t\t\t\t\t<img loading=\"lazy\" decoding=\"async\" width=\"680\" height=\"510\" src=\"https:\/\/pastorinho.com.br\/lojabandeirantes\/wp-content\/uploads\/2023\/06\/loja-pastorinho-vila-mariana.jpg\" class=\"upk-img\" alt=\"Pastorinho Vila Mariana\" srcset=\"https:\/\/pastorinho.com.br\/lojabandeirantes\/wp-content\/uploads\/2023\/06\/loja-pastorinho-vila-mariana.jpg 680w, https:\/\/pastorinho.com.br\/lojabandeirantes\/wp-content\/uploads\/2023\/06\/loja-pastorinho-vila-mariana-300x225.jpg 300w, https:\/\/pastorinho.com.br\/lojabandeirantes\/wp-content\/uploads\/2023\/06\/loja-pastorinho-vila-mariana-600x450.jpg 600w\" sizes=\"(max-width: 680px) 100vw, 680px\" \/>\t\t\t\t\t\t\t\t\t\t\t\t\t\t\t\t\t<\/div>\n\t\t\t\t<\/div>\n\n\t\t\t\t<div class=\"upk-content\">\n\t\t\t\t\t<div>\n\n\t\t\t\t\t\t\t\t<div class=\"upk-category\">\n\t\t\t<a href=\"https:\/\/pastorinho.com.br\/lojabandeirantes\/category\/loja-pastorinho-vila-mariana\/\" \n\t\t\t\t\t\t\taria-label=\"Category Loja Pastorinho Vila Mariana\">Loja Pastorinho Vila Mariana<\/a>\t\t<\/div>\n\t\n\t\t\t\t\t\t<h3 class=\"upk-title\"><a href=\"https:\/\/pastorinho.com.br\/lojabandeirantes\/pastorinho-vila-mariana\/\" title=\"Pastorinho Vila Mariana\" class=\"title-animation-underline\" aria-label=\"Pastorinho Vila Mariana\">Pastorinho Vila Mariana<\/a><\/h3>\t\t\t\t\t\t<div class=\"upk-text-wrap\">\n\t\t\t\t\t\t\t\t\t<div class=\"upk-text\">\n\t\t\t<p>Rua Domingos de Morais, 1999\u2013Vila Mariana \u2013 S\u00e3o Paulo \u2013 SP Telefone: 11-5904-0300-E-mail:&nbsp;vmariana@pastorinho.com.br Hor\u00e1rio da loja: Segunda a S\u00e1bado 07:30<\/p>\n\t\t<\/div>\n\t\t\t\t\t\t\t\t\t\t\t\t\t\t\t<\/div>\n\n\t\t\t\t\t\t\n\t\t\t\t\t<\/div>\n\t\t\t\t<\/div>\n\n\t\t\t<\/div>\n\t\t<\/div>\n\t\n\t\t\t\t\n\t\t\t\t\t\t\t<div class=\"upk-item\">\n\t\t\t<div class=\"upk-item-box\">\n\t\t\t\t<div class=\"upk-img-wrap\">\n\t\t\t\t\t<div class=\"upk-main-img\">\n\t\t\t\t\t\t<img loading=\"lazy\" decoding=\"async\" width=\"680\" height=\"510\" src=\"https:\/\/pastorinho.com.br\/lojabandeirantes\/wp-content\/uploads\/2023\/06\/loja-pastorinho-santana.jpg\" class=\"upk-img\" alt=\"Pastorinho Santana\" srcset=\"https:\/\/pastorinho.com.br\/lojabandeirantes\/wp-content\/uploads\/2023\/06\/loja-pastorinho-santana.jpg 680w, https:\/\/pastorinho.com.br\/lojabandeirantes\/wp-content\/uploads\/2023\/06\/loja-pastorinho-santana-300x225.jpg 300w, https:\/\/pastorinho.com.br\/lojabandeirantes\/wp-content\/uploads\/2023\/06\/loja-pastorinho-santana-600x450.jpg 600w\" sizes=\"(max-width: 680px) 100vw, 680px\" \/>\t\t\t\t\t\t\t\t\t\t\t\t\t\t\t\t\t<\/div>\n\t\t\t\t<\/div>\n\n\t\t\t\t<div class=\"upk-content\">\n\t\t\t\t\t<div>\n\n\t\t\t\t\t\t\t\t<div class=\"upk-category\">\n\t\t\t<a href=\"https:\/\/pastorinho.com.br\/lojabandeirantes\/category\/loja-pastorinho-santana\/\" \n\t\t\t\t\t\t\taria-label=\"Category Loja Pastorinho Santana\">Loja Pastorinho Santana<\/a>\t\t<\/div>\n\t\n\t\t\t\t\t\t<h3 class=\"upk-title\"><a href=\"https:\/\/pastorinho.com.br\/lojabandeirantes\/pastorinho-santana\/\" title=\"Pastorinho Santana\" class=\"title-animation-underline\" aria-label=\"Pastorinho Santana\">Pastorinho Santana<\/a><\/h3>\t\t\t\t\t\t<div class=\"upk-text-wrap\">\n\t\t\t\t\t\t\t\t\t<div class=\"upk-text\">\n\t\t\t<p>Rua Conselheiro Moreira de Barros, 240-Santana\u2013SP Telefone: 11-2099-6000 E-mail:\u00a0santana@pastorinho.com.br Hor\u00e1rio da loja: Segunda a S\u00e1bado 07:00 \u00e0s 22:00. Domingos e<\/p>\n\t\t<\/div>\n\t\t\t\t\t\t\t\t\t\t\t\t\t\t\t<\/div>\n\n\t\t\t\t\t\t\n\t\t\t\t\t<\/div>\n\t\t\t\t<\/div>\n\n\t\t\t<\/div>\n\t\t<\/div>\n\t\n\t\t\t\t\n\t\t\t\t\t\t\t<div class=\"upk-item\">\n\t\t\t<div class=\"upk-item-box\">\n\t\t\t\t<div class=\"upk-img-wrap\">\n\t\t\t\t\t<div class=\"upk-main-img\">\n\t\t\t\t\t\t<img loading=\"lazy\" decoding=\"async\" width=\"599\" height=\"400\" src=\"https:\/\/pastorinho.com.br\/lojabandeirantes\/wp-content\/uploads\/2023\/06\/pastorinho-proteinas-webp.webp\" class=\"upk-img\" alt=\"Qual a diferen\u00e7a de prote\u00edna e carboidratos?\" srcset=\"https:\/\/pastorinho.com.br\/lojabandeirantes\/wp-content\/uploads\/2023\/06\/pastorinho-proteinas-webp.webp 599w, https:\/\/pastorinho.com.br\/lojabandeirantes\/wp-content\/uploads\/2023\/06\/pastorinho-proteinas-webp-300x200.webp 300w\" sizes=\"(max-width: 599px) 100vw, 599px\" \/>\t\t\t\t\t\t\t\t\t\t\t\t\t\t\t\t\t<\/div>\n\t\t\t\t<\/div>\n\n\t\t\t\t<div class=\"upk-content\">\n\t\t\t\t\t<div>\n\n\t\t\t\t\t\t\t\t<div class=\"upk-category\">\n\t\t\t<a href=\"https:\/\/pastorinho.com.br\/lojabandeirantes\/category\/proteina-e-carboidratos\/\" \n\t\t\t\t\t\t\taria-label=\"Category Prote\u00edna e carboidratos\">Prote\u00edna e carboidratos<\/a>\t\t<\/div>\n\t\n\t\t\t\t\t\t<h3 class=\"upk-title\"><a href=\"https:\/\/pastorinho.com.br\/lojabandeirantes\/qual-a-diferenca-de-proteina-e-carboidratos\/\" title=\"Qual a diferen\u00e7a de prote\u00edna e carboidratos?\" class=\"title-animation-underline\" aria-label=\"Qual a diferen\u00e7a de prote\u00edna e carboidratos?\">Qual a diferen\u00e7a de prote\u00edna e carboidratos?<\/a><\/h3>\t\t\t\t\t\t<div class=\"upk-text-wrap\">\n\t\t\t\t\t\t\t\t\t<div class=\"upk-text\">\n\t\t\t<p>Prote\u00ednas e carboidratos s\u00e3o dois tipos importantes de nutrientes que o corpo precisa para funcionar corretamente. As prote\u00ednas s\u00e3o essenciais<\/p>\n\t\t<\/div>\n\t\t\t\t\t\t\t\t\t\t\t\t\t\t\t<\/div>\n\n\t\t\t\t\t\t\n\t\t\t\t\t<\/div>\n\t\t\t\t<\/div>\n\n\t\t\t<\/div>\n\t\t<\/div>\n\t\n\t\t\t\t\n\t\t\t\t\t\t\t<div class=\"upk-item\">\n\t\t\t<div class=\"upk-item-box\">\n\t\t\t\t<div class=\"upk-img-wrap\">\n\t\t\t\t\t<div class=\"upk-main-img\">\n\t\t\t\t\t\t<img loading=\"lazy\" decoding=\"async\" width=\"400\" height=\"267\" src=\"https:\/\/pastorinho.com.br\/lojabandeirantes\/wp-content\/uploads\/2023\/06\/pastorinho-gasto-calorico.jpg\" class=\"upk-img\" alt=\"Como calcular seu gasto cal\u00f3rico?\" srcset=\"https:\/\/pastorinho.com.br\/lojabandeirantes\/wp-content\/uploads\/2023\/06\/pastorinho-gasto-calorico.jpg 400w, https:\/\/pastorinho.com.br\/lojabandeirantes\/wp-content\/uploads\/2023\/06\/pastorinho-gasto-calorico-300x200.jpg 300w\" sizes=\"(max-width: 400px) 100vw, 400px\" \/>\t\t\t\t\t\t\t\t\t\t\t\t\t\t\t\t\t<\/div>\n\t\t\t\t<\/div>\n\n\t\t\t\t<div class=\"upk-content\">\n\t\t\t\t\t<div>\n\n\t\t\t\t\t\t\t\t<div class=\"upk-category\">\n\t\t\t<a href=\"https:\/\/pastorinho.com.br\/lojabandeirantes\/category\/gasto-calorico\/\" \n\t\t\t\t\t\t\taria-label=\"Category Gasto Cal\u00f3rico?\">Gasto Cal\u00f3rico?<\/a>\t\t<\/div>\n\t\n\t\t\t\t\t\t<h3 class=\"upk-title\"><a href=\"https:\/\/pastorinho.com.br\/lojabandeirantes\/como-calcular-seu-gasto-calorico\/\" title=\"Como calcular seu gasto cal\u00f3rico?\" class=\"title-animation-underline\" aria-label=\"Como calcular seu gasto cal\u00f3rico?\">Como calcular seu gasto cal\u00f3rico?<\/a><\/h3>\t\t\t\t\t\t<div class=\"upk-text-wrap\">\n\t\t\t\t\t\t\t\t\t<div class=\"upk-text\">\n\t\t\t<p>O gasto cal\u00f3rico \u00e9 a quantidade total de energia que o corpo gasta por dia, incluindo a energia que o<\/p>\n\t\t<\/div>\n\t\t\t\t\t\t\t\t\t\t\t\t\t\t\t<\/div>\n\n\t\t\t\t\t\t\n\t\t\t\t\t<\/div>\n\t\t\t\t<\/div>\n\n\t\t\t<\/div>\n\t\t<\/div>\n\t\n\t\t\t\t\n\t\t\t\t\t\t\t<div class=\"upk-item\">\n\t\t\t<div class=\"upk-item-box\">\n\t\t\t\t<div class=\"upk-img-wrap\">\n\t\t\t\t\t<div class=\"upk-main-img\">\n\t\t\t\t\t\t<img loading=\"lazy\" decoding=\"async\" width=\"600\" height=\"400\" src=\"https:\/\/pastorinho.com.br\/lojabandeirantes\/wp-content\/uploads\/2023\/06\/pastorinho-alimentos-saudaveis-webp.webp\" class=\"upk-img\" alt=\"Ser\u00e1 que existe alimento bom ou ruim?\" srcset=\"https:\/\/pastorinho.com.br\/lojabandeirantes\/wp-content\/uploads\/2023\/06\/pastorinho-alimentos-saudaveis-webp.webp 600w, https:\/\/pastorinho.com.br\/lojabandeirantes\/wp-content\/uploads\/2023\/06\/pastorinho-alimentos-saudaveis-webp-300x200.webp 300w\" sizes=\"(max-width: 600px) 100vw, 600px\" \/>\t\t\t\t\t\t\t\t\t\t\t\t\t\t\t\t\t<\/div>\n\t\t\t\t<\/div>\n\n\t\t\t\t<div class=\"upk-content\">\n\t\t\t\t\t<div>\n\n\t\t\t\t\t\t\t\t<div class=\"upk-category\">\n\t\t\t<a href=\"https:\/\/pastorinho.com.br\/lojabandeirantes\/category\/alimentos-saudaveis\/\" \n\t\t\t\t\t\t\taria-label=\"Category Alimentos Saud\u00e1veis\">Alimentos Saud\u00e1veis<\/a>\t\t<\/div>\n\t\n\t\t\t\t\t\t<h3 class=\"upk-title\"><a href=\"https:\/\/pastorinho.com.br\/lojabandeirantes\/sera-que-existe-alimento-bom-ou-ruim\/\" title=\"Ser\u00e1 que existe alimento bom ou ruim?\" class=\"title-animation-underline\" aria-label=\"Ser\u00e1 que existe alimento bom ou ruim?\">Ser\u00e1 que existe alimento bom ou ruim?<\/a><\/h3>\t\t\t\t\t\t<div class=\"upk-text-wrap\">\n\t\t\t\t\t\t\t\t\t<div class=\"upk-text\">\n\t\t\t<p>Existe uma cren\u00e7a popular de que alguns alimentos s\u00e3o \u201cbons\u201d e outros s\u00e3o \u201cruins\u201d, mas na verdade, n\u00e3o existe tal<\/p>\n\t\t<\/div>\n\t\t\t\t\t\t\t\t\t\t\t\t\t\t\t<\/div>\n\n\t\t\t\t\t\t\n\t\t\t\t\t<\/div>\n\t\t\t\t<\/div>\n\n\t\t\t<\/div>\n\t\t<\/div>\n\t\n\t\t\t\t\t\t\t<\/div>\n\t\t<\/div>\n\n\t\t\n\t\t\t\t\t\t<\/div>\n\t\t\t\t<div class=\"elementor-element elementor-element-d718faa elementor-align-center elementor-widget elementor-widget-button\" data-id=\"d718faa\" data-element_type=\"widget\" data-e-type=\"widget\" data-widget_type=\"button.default\">\n\t\t\t\t\t\t\t\t\t\t<a class=\"elementor-button elementor-button-link elementor-size-lg elementor-animation-grow\" href=\"https:\/\/otimizacaotop20.com.br\/pastorinho\/blog\/\">\n\t\t\t\t\t\t<span class=\"elementor-button-content-wrapper\">\n\t\t\t\t\t\t\t\t\t<span class=\"elementor-button-text\">Acessar o Blog<\/span>\n\t\t\t\t\t<\/span>\n\t\t\t\t\t<\/a>\n\t\t\t\t\t\t\t\t<\/div>\n\t\t\t\t\t<\/div>\n\t\t\t\t<\/div>\n\t\t\t\t<\/div>\n\t\t","protected":false},"excerpt":{"rendered":"<p>Nossas Lojas Nossas lojas est\u00e3o sempre prontas para te receber, veja aqui a loja mais perto de voc\u00ea! Loja Pastorinho Presidente Prudente Vila Marcondes Loja Pastorinho Presidente Prudente Vila Marcondes Rua Quintino Bocaiuva, 295 \u2013 Vila Marcondes \u2013 Presidente Prudente \u2013 SP Telefone: 18-3223-2409 e-mail:&nbsp;pvila@pastorinho.com.br Hor\u00e1rio: Segunda a S\u00e1bado 07:00 \u00e0s 19:00. Domingos e feriados [&hellip;]<\/p>\n","protected":false},"author":1,"featured_media":0,"parent":0,"menu_order":0,"comment_status":"closed","ping_status":"closed","template":"elementor_header_footer","meta":{"footnotes":""},"class_list":["post-17","page","type-page","status-publish","hentry"],"_links":{"self":[{"href":"https:\/\/pastorinho.com.br\/lojabandeirantes\/wp-json\/wp\/v2\/pages\/17","targetHints":{"allow":["GET"]}}],"collection":[{"href":"https:\/\/pastorinho.com.br\/lojabandeirantes\/wp-json\/wp\/v2\/pages"}],"about":[{"href":"https:\/\/pastorinho.com.br\/lojabandeirantes\/wp-json\/wp\/v2\/types\/page"}],"author":[{"embeddable":true,"href":"https:\/\/pastorinho.com.br\/lojabandeirantes\/wp-json\/wp\/v2\/users\/1"}],"replies":[{"embeddable":true,"href":"https:\/\/pastorinho.com.br\/lojabandeirantes\/wp-json\/wp\/v2\/comments?post=17"}],"version-history":[{"count":0,"href":"https:\/\/pastorinho.com.br\/lojabandeirantes\/wp-json\/wp\/v2\/pages\/17\/revisions"}],"wp:attachment":[{"href":"https:\/\/pastorinho.com.br\/lojabandeirantes\/wp-json\/wp\/v2\/media?parent=17"}],"curies":[{"name":"wp","href":"https:\/\/api.w.org\/{rel}","templated":true}]}}